{"id":2955,"date":"2023-05-18T13:27:55","date_gmt":"2023-05-18T11:27:55","guid":{"rendered":"https:\/\/www.subirachs.es\/?page_id=2955"},"modified":"2023-05-30T12:18:42","modified_gmt":"2023-05-30T10:18:42","slug":"armariocielo","status":"publish","type":"page","link":"https:\/\/www.subirachs.es\/ca\/armariocielo\/","title":{"rendered":"ARMARI CALAIXERA"},"content":{"rendered":"<div data-elementor-type=\"wp-page\" data-elementor-id=\"2955\" class=\"elementor elementor-2955\" data-elementor-post-type=\"page\">\n\t\t\t\t\t\t<section class=\"elementor-section elementor-top-section elementor-element elementor-element-2ad33900 elementor-section-content-middle elementor-section-boxed elementor-section-height-default elementor-section-height-default\" data-id=\"2ad33900\" data-element_type=\"section\" data-e-type=\"section\" data-settings=\"{&quot;background_background&quot;:&quot;classic&quot;}\">\n\t\t\t\t\t\t<div class=\"elementor-container elementor-column-gap-no\">\n\t\t\t\t\t<div class=\"elementor-column elementor-col-50 elementor-top-column elementor-element elementor-element-70f41554\" data-id=\"70f41554\" data-element_type=\"column\" data-e-type=\"column\">\n\t\t\t<div class=\"elementor-widget-wrap elementor-element-populated\">\n\t\t\t\t\t\t<div class=\"elementor-element elementor-element-4e60f54e elementor-widget elementor-widget-image\" data-id=\"4e60f54e\" data-element_type=\"widget\" data-e-type=\"widget\" data-widget_type=\"image.default\">\n\t\t\t\t<div class=\"elementor-widget-container\">\n\t\t\t\t\t\t\t\t\t\t\t\t\t\t\t<img fetchpriority=\"high\" decoding=\"async\" width=\"1080\" height=\"1080\" src=\"https:\/\/www.subirachs.es\/wp-content\/uploads\/2023\/05\/Blanco-Cuadrado-Ciudad-Generico-Blog-de-viaje-Titulo-iPhone-Diseno-2.png\" class=\"attachment-full size-full wp-image-2965\" alt=\"\" srcset=\"https:\/\/www.subirachs.es\/wp-content\/uploads\/2023\/05\/Blanco-Cuadrado-Ciudad-Generico-Blog-de-viaje-Titulo-iPhone-Diseno-2.png 1080w, https:\/\/www.subirachs.es\/wp-content\/uploads\/2023\/05\/Blanco-Cuadrado-Ciudad-Generico-Blog-de-viaje-Titulo-iPhone-Diseno-2-300x300.png 300w, https:\/\/www.subirachs.es\/wp-content\/uploads\/2023\/05\/Blanco-Cuadrado-Ciudad-Generico-Blog-de-viaje-Titulo-iPhone-Diseno-2-1024x1024.png 1024w, https:\/\/www.subirachs.es\/wp-content\/uploads\/2023\/05\/Blanco-Cuadrado-Ciudad-Generico-Blog-de-viaje-Titulo-iPhone-Diseno-2-150x150.png 150w, https:\/\/www.subirachs.es\/wp-content\/uploads\/2023\/05\/Blanco-Cuadrado-Ciudad-Generico-Blog-de-viaje-Titulo-iPhone-Diseno-2-768x768.png 768w, https:\/\/www.subirachs.es\/wp-content\/uploads\/2023\/05\/Blanco-Cuadrado-Ciudad-Generico-Blog-de-viaje-Titulo-iPhone-Diseno-2-12x12.png 12w\" sizes=\"(max-width: 1080px) 100vw, 1080px\" \/>\t\t\t\t\t\t\t\t\t\t\t\t\t\t\t<\/div>\n\t\t\t\t<\/div>\n\t\t\t\t\t<\/div>\n\t\t<\/div>\n\t\t\t\t<div class=\"elementor-column elementor-col-50 elementor-top-column elementor-element elementor-element-599b26b9\" data-id=\"599b26b9\" data-element_type=\"column\" data-e-type=\"column\">\n\t\t\t<div class=\"elementor-widget-wrap elementor-element-populated\">\n\t\t\t\t\t\t<div class=\"elementor-element elementor-element-5d52534 elementor-widget elementor-widget-heading\" data-id=\"5d52534\" data-element_type=\"widget\" data-e-type=\"widget\" data-widget_type=\"heading.default\">\n\t\t\t\t<div class=\"elementor-widget-container\">\n\t\t\t\t\t<h4 class=\"elementor-heading-title elementor-size-default\"><b>ARMARI CALAIXERA<\/b><\/h4>\t\t\t\t<\/div>\n\t\t\t\t<\/div>\n\t\t\t\t<div class=\"elementor-element elementor-element-7687c62a elementor-widget__width-initial elementor-widget elementor-widget-text-editor\" data-id=\"7687c62a\" data-element_type=\"widget\" data-e-type=\"widget\" data-widget_type=\"text-editor.default\">\n\t\t\t\t<div class=\"elementor-widget-container\">\n\t\t\t\t\t\t\t\t\t<p><u>Armari restaurat<\/u><\/p>\n<p>L'armari calaixera restaurat \u00e9s una soluci\u00f3 compacta i funcional per a l'emmagatzematge, amb mides de 84 cm d'al\u00e7ada, 46 cm d'amplada i 30 cm de profunditat. Amb 8 calaixos de mida petita, proporciona un espai organitzat per guardar pertinences. Ha estat acuradament restaurat, combinant el seu encant antic amb un toc modern al to blanc guix. Cada detall ha estat at\u00e8s per garantir qualitat i durabilitat. A m\u00e9s de la seva funci\u00f3 pr\u00e0ctica, aquest armari afegeix un toc decoratiu, adaptant-se a diferents estils de decoraci\u00f3. En resum, \u00e9s una pe\u00e7a vers\u00e0til que combina funcionalitat, estil i encant a qualsevol espai d'emmagatzematge a la llar.<\/p>\t\t\t\t\t\t\t\t<\/div>\n\t\t\t\t<\/div>\n\t\t\t\t\t<\/div>\n\t\t<\/div>\n\t\t\t\t\t<\/div>\n\t\t<\/section>\n\t\t\t\t<\/div>","protected":false},"excerpt":{"rendered":"<p>ARMARIO CAJONERA Armario restaurado El armario cajonera restaurado es una soluci\u00f3n compacta y funcional para el almacenamiento, con medidas de 84 cm de altura, 46 cm de ancho y 30 cm de profundidad. Con 8 cajones de tama\u00f1o peque\u00f1o, proporciona un espacio organizado para guardar pertenencias. Ha sido cuidadosamente restaurado, combinando su encanto antiguo con [&hellip;]<\/p>\n","protected":false},"author":4,"featured_media":0,"parent":0,"menu_order":0,"comment_status":"closed","ping_status":"closed","template":"","meta":{"footnotes":""},"class_list":["post-2955","page","type-page","status-publish","hentry"],"yoast_head":"<!-- This site is optimized with the Yoast SEO plugin v27.4 - https:\/\/yoast.com\/product\/yoast-seo-wordpress\/ -->\n<title>ARMARIO CIELO - SUBIRACHS CONSTRUCCIONS<\/title>\n<meta name=\"robots\" content=\"index, follow, max-snippet:-1, max-image-preview:large, max-video-preview:-1\" \/>\n<link rel=\"canonical\" href=\"https:\/\/www.subirachs.es\/ca\/armariocielo\/\" \/>\n<meta property=\"og:locale\" content=\"ca_ES\" \/>\n<meta property=\"og:type\" content=\"article\" \/>\n<meta property=\"og:title\" content=\"ARMARIO CIELO - SUBIRACHS CONSTRUCCIONS\" \/>\n<meta property=\"og:description\" content=\"ARMARIO CAJONERA Armario restaurado El armario cajonera restaurado es una soluci\u00f3n compacta y funcional para el almacenamiento, con medidas de 84 cm de altura, 46 cm de ancho y 30 cm de profundidad. Con 8 cajones de tama\u00f1o peque\u00f1o, proporciona un espacio organizado para guardar pertenencias. Ha sido cuidadosamente restaurado, combinando su encanto antiguo con [&hellip;]\" \/>\n<meta property=\"og:url\" content=\"https:\/\/www.subirachs.es\/ca\/armariocielo\/\" \/>\n<meta property=\"og:site_name\" content=\"SUBIRACHS CONSTRUCCIONS\" \/>\n<meta property=\"article:publisher\" content=\"https:\/\/www.facebook.com\/subirachsconstruccions\" \/>\n<meta property=\"article:modified_time\" content=\"2023-05-30T10:18:42+00:00\" \/>\n<meta property=\"og:image\" content=\"https:\/\/www.subirachs.es\/wp-content\/uploads\/2023\/05\/Blanco-Cuadrado-Ciudad-Generico-Blog-de-viaje-Titulo-iPhone-Diseno-2.png\" \/>\n<meta name=\"twitter:card\" content=\"summary_large_image\" \/>\n<meta name=\"twitter:label1\" content=\"Temps estimat de lectura\" \/>\n\t<meta name=\"twitter:data1\" content=\"1 minut\" \/>\n<script type=\"application\/ld+json\" class=\"yoast-schema-graph\">{\"@context\":\"https:\\\/\\\/schema.org\",\"@graph\":[{\"@type\":\"WebPage\",\"@id\":\"https:\\\/\\\/www.subirachs.es\\\/armariocielo\\\/\",\"url\":\"https:\\\/\\\/www.subirachs.es\\\/armariocielo\\\/\",\"name\":\"ARMARIO CIELO - SUBIRACHS CONSTRUCCIONS\",\"isPartOf\":{\"@id\":\"https:\\\/\\\/www.subirachs.es\\\/#website\"},\"primaryImageOfPage\":{\"@id\":\"https:\\\/\\\/www.subirachs.es\\\/armariocielo\\\/#primaryimage\"},\"image\":{\"@id\":\"https:\\\/\\\/www.subirachs.es\\\/armariocielo\\\/#primaryimage\"},\"thumbnailUrl\":\"https:\\\/\\\/www.subirachs.es\\\/wp-content\\\/uploads\\\/2023\\\/05\\\/Blanco-Cuadrado-Ciudad-Generico-Blog-de-viaje-Titulo-iPhone-Diseno-2.png\",\"datePublished\":\"2023-05-18T11:27:55+00:00\",\"dateModified\":\"2023-05-30T10:18:42+00:00\",\"breadcrumb\":{\"@id\":\"https:\\\/\\\/www.subirachs.es\\\/armariocielo\\\/#breadcrumb\"},\"inLanguage\":\"ca\",\"potentialAction\":[{\"@type\":\"ReadAction\",\"target\":[\"https:\\\/\\\/www.subirachs.es\\\/armariocielo\\\/\"]}]},{\"@type\":\"ImageObject\",\"inLanguage\":\"ca\",\"@id\":\"https:\\\/\\\/www.subirachs.es\\\/armariocielo\\\/#primaryimage\",\"url\":\"https:\\\/\\\/www.subirachs.es\\\/wp-content\\\/uploads\\\/2023\\\/05\\\/Blanco-Cuadrado-Ciudad-Generico-Blog-de-viaje-Titulo-iPhone-Diseno-2.png\",\"contentUrl\":\"https:\\\/\\\/www.subirachs.es\\\/wp-content\\\/uploads\\\/2023\\\/05\\\/Blanco-Cuadrado-Ciudad-Generico-Blog-de-viaje-Titulo-iPhone-Diseno-2.png\"},{\"@type\":\"BreadcrumbList\",\"@id\":\"https:\\\/\\\/www.subirachs.es\\\/armariocielo\\\/#breadcrumb\",\"itemListElement\":[{\"@type\":\"ListItem\",\"position\":1,\"name\":\"Portada\",\"item\":\"https:\\\/\\\/www.subirachs.es\\\/\"},{\"@type\":\"ListItem\",\"position\":2,\"name\":\"ARMARIO CIELO\"}]},{\"@type\":\"WebSite\",\"@id\":\"https:\\\/\\\/www.subirachs.es\\\/#website\",\"url\":\"https:\\\/\\\/www.subirachs.es\\\/\",\"name\":\"subirachsconstruccions\",\"description\":\"\",\"publisher\":{\"@id\":\"https:\\\/\\\/www.subirachs.es\\\/#organization\"},\"potentialAction\":[{\"@type\":\"SearchAction\",\"target\":{\"@type\":\"EntryPoint\",\"urlTemplate\":\"https:\\\/\\\/www.subirachs.es\\\/?s={search_term_string}\"},\"query-input\":{\"@type\":\"PropertyValueSpecification\",\"valueRequired\":true,\"valueName\":\"search_term_string\"}}],\"inLanguage\":\"ca\"},{\"@type\":\"Organization\",\"@id\":\"https:\\\/\\\/www.subirachs.es\\\/#organization\",\"name\":\"subirachsconstruccions\",\"url\":\"https:\\\/\\\/www.subirachs.es\\\/\",\"logo\":{\"@type\":\"ImageObject\",\"inLanguage\":\"ca\",\"@id\":\"https:\\\/\\\/www.subirachs.es\\\/#\\\/schema\\\/logo\\\/image\\\/\",\"url\":\"https:\\\/\\\/www.subirachs.es\\\/wp-content\\\/uploads\\\/2020\\\/11\\\/LOGO-NOU-CONSTRUCCIO-2-e1666262050667.png\",\"contentUrl\":\"https:\\\/\\\/www.subirachs.es\\\/wp-content\\\/uploads\\\/2020\\\/11\\\/LOGO-NOU-CONSTRUCCIO-2-e1666262050667.png\",\"width\":92,\"height\":51,\"caption\":\"subirachsconstruccions\"},\"image\":{\"@id\":\"https:\\\/\\\/www.subirachs.es\\\/#\\\/schema\\\/logo\\\/image\\\/\"},\"sameAs\":[\"https:\\\/\\\/www.facebook.com\\\/subirachsconstruccions\",\"https:\\\/\\\/www.instagram.com\\\/subirachsconstruccions\\\/\"]}]}<\/script>\n<!-- \/ Yoast SEO plugin. -->","yoast_head_json":{"title":"ARMARIO CIELO - SUBIRACHS CONSTRUCCIONS","robots":{"index":"index","follow":"follow","max-snippet":"max-snippet:-1","max-image-preview":"max-image-preview:large","max-video-preview":"max-video-preview:-1"},"canonical":"https:\/\/www.subirachs.es\/ca\/armariocielo\/","og_locale":"ca_ES","og_type":"article","og_title":"ARMARIO CIELO - SUBIRACHS CONSTRUCCIONS","og_description":"ARMARIO CAJONERA Armario restaurado El armario cajonera restaurado es una soluci\u00f3n compacta y funcional para el almacenamiento, con medidas de 84 cm de altura, 46 cm de ancho y 30 cm de profundidad. Con 8 cajones de tama\u00f1o peque\u00f1o, proporciona un espacio organizado para guardar pertenencias. Ha sido cuidadosamente restaurado, combinando su encanto antiguo con [&hellip;]","og_url":"https:\/\/www.subirachs.es\/ca\/armariocielo\/","og_site_name":"SUBIRACHS CONSTRUCCIONS","article_publisher":"https:\/\/www.facebook.com\/subirachsconstruccions","article_modified_time":"2023-05-30T10:18:42+00:00","og_image":[{"url":"https:\/\/www.subirachs.es\/wp-content\/uploads\/2023\/05\/Blanco-Cuadrado-Ciudad-Generico-Blog-de-viaje-Titulo-iPhone-Diseno-2.png","type":"","width":"","height":""}],"twitter_card":"summary_large_image","twitter_misc":{"Temps estimat de lectura":"1 minut"},"schema":{"@context":"https:\/\/schema.org","@graph":[{"@type":"WebPage","@id":"https:\/\/www.subirachs.es\/armariocielo\/","url":"https:\/\/www.subirachs.es\/armariocielo\/","name":"ARMARIO CIELO - SUBIRACHS CONSTRUCCIONS","isPartOf":{"@id":"https:\/\/www.subirachs.es\/#website"},"primaryImageOfPage":{"@id":"https:\/\/www.subirachs.es\/armariocielo\/#primaryimage"},"image":{"@id":"https:\/\/www.subirachs.es\/armariocielo\/#primaryimage"},"thumbnailUrl":"https:\/\/www.subirachs.es\/wp-content\/uploads\/2023\/05\/Blanco-Cuadrado-Ciudad-Generico-Blog-de-viaje-Titulo-iPhone-Diseno-2.png","datePublished":"2023-05-18T11:27:55+00:00","dateModified":"2023-05-30T10:18:42+00:00","breadcrumb":{"@id":"https:\/\/www.subirachs.es\/armariocielo\/#breadcrumb"},"inLanguage":"ca","potentialAction":[{"@type":"ReadAction","target":["https:\/\/www.subirachs.es\/armariocielo\/"]}]},{"@type":"ImageObject","inLanguage":"ca","@id":"https:\/\/www.subirachs.es\/armariocielo\/#primaryimage","url":"https:\/\/www.subirachs.es\/wp-content\/uploads\/2023\/05\/Blanco-Cuadrado-Ciudad-Generico-Blog-de-viaje-Titulo-iPhone-Diseno-2.png","contentUrl":"https:\/\/www.subirachs.es\/wp-content\/uploads\/2023\/05\/Blanco-Cuadrado-Ciudad-Generico-Blog-de-viaje-Titulo-iPhone-Diseno-2.png"},{"@type":"BreadcrumbList","@id":"https:\/\/www.subirachs.es\/armariocielo\/#breadcrumb","itemListElement":[{"@type":"ListItem","position":1,"name":"Portada","item":"https:\/\/www.subirachs.es\/"},{"@type":"ListItem","position":2,"name":"ARMARIO CIELO"}]},{"@type":"WebSite","@id":"https:\/\/www.subirachs.es\/#website","url":"https:\/\/www.subirachs.es\/","name":"subirachsconstruccions","description":"","publisher":{"@id":"https:\/\/www.subirachs.es\/#organization"},"potentialAction":[{"@type":"SearchAction","target":{"@type":"EntryPoint","urlTemplate":"https:\/\/www.subirachs.es\/?s={search_term_string}"},"query-input":{"@type":"PropertyValueSpecification","valueRequired":true,"valueName":"search_term_string"}}],"inLanguage":"ca"},{"@type":"Organization","@id":"https:\/\/www.subirachs.es\/#organization","name":"subirachsconstruccions","url":"https:\/\/www.subirachs.es\/","logo":{"@type":"ImageObject","inLanguage":"ca","@id":"https:\/\/www.subirachs.es\/#\/schema\/logo\/image\/","url":"https:\/\/www.subirachs.es\/wp-content\/uploads\/2020\/11\/LOGO-NOU-CONSTRUCCIO-2-e1666262050667.png","contentUrl":"https:\/\/www.subirachs.es\/wp-content\/uploads\/2020\/11\/LOGO-NOU-CONSTRUCCIO-2-e1666262050667.png","width":92,"height":51,"caption":"subirachsconstruccions"},"image":{"@id":"https:\/\/www.subirachs.es\/#\/schema\/logo\/image\/"},"sameAs":["https:\/\/www.facebook.com\/subirachsconstruccions","https:\/\/www.instagram.com\/subirachsconstruccions\/"]}]}},"_links":{"self":[{"href":"https:\/\/www.subirachs.es\/ca\/wp-json\/wp\/v2\/pages\/2955","targetHints":{"allow":["GET"]}}],"collection":[{"href":"https:\/\/www.subirachs.es\/ca\/wp-json\/wp\/v2\/pages"}],"about":[{"href":"https:\/\/www.subirachs.es\/ca\/wp-json\/wp\/v2\/types\/page"}],"author":[{"embeddable":true,"href":"https:\/\/www.subirachs.es\/ca\/wp-json\/wp\/v2\/users\/4"}],"replies":[{"embeddable":true,"href":"https:\/\/www.subirachs.es\/ca\/wp-json\/wp\/v2\/comments?post=2955"}],"version-history":[{"count":13,"href":"https:\/\/www.subirachs.es\/ca\/wp-json\/wp\/v2\/pages\/2955\/revisions"}],"predecessor-version":[{"id":2991,"href":"https:\/\/www.subirachs.es\/ca\/wp-json\/wp\/v2\/pages\/2955\/revisions\/2991"}],"wp:attachment":[{"href":"https:\/\/www.subirachs.es\/ca\/wp-json\/wp\/v2\/media?parent=2955"}],"curies":[{"name":"wp","href":"https:\/\/api.w.org\/{rel}","templated":true}]}}