{"id":2933,"date":"2023-05-18T13:08:23","date_gmt":"2023-05-18T11:08:23","guid":{"rendered":"https:\/\/www.subirachs.es\/?page_id=2933"},"modified":"2023-05-30T12:20:44","modified_gmt":"2023-05-30T10:20:44","slug":"cabeceroserenidad","status":"publish","type":"page","link":"https:\/\/www.subirachs.es\/ca\/cabeceroserenidad\/","title":{"rendered":"CAP\u00c7ALER SERENITAT"},"content":{"rendered":"<div data-elementor-type=\"wp-page\" data-elementor-id=\"2933\" class=\"elementor elementor-2933\" data-elementor-post-type=\"page\">\n\t\t\t\t\t\t<section class=\"elementor-section elementor-top-section elementor-element elementor-element-2ad33900 elementor-section-content-middle elementor-section-boxed elementor-section-height-default elementor-section-height-default\" data-id=\"2ad33900\" data-element_type=\"section\" data-e-type=\"section\" data-settings=\"{&quot;background_background&quot;:&quot;classic&quot;}\">\n\t\t\t\t\t\t<div class=\"elementor-container elementor-column-gap-no\">\n\t\t\t\t\t<div class=\"elementor-column elementor-col-50 elementor-top-column elementor-element elementor-element-70f41554\" data-id=\"70f41554\" data-element_type=\"column\" data-e-type=\"column\">\n\t\t\t<div class=\"elementor-widget-wrap elementor-element-populated\">\n\t\t\t\t\t\t<div class=\"elementor-element elementor-element-4e60f54e elementor-widget elementor-widget-image\" data-id=\"4e60f54e\" data-element_type=\"widget\" data-e-type=\"widget\" data-widget_type=\"image.default\">\n\t\t\t\t<div class=\"elementor-widget-container\">\n\t\t\t\t\t\t\t\t\t\t\t\t\t\t\t<img fetchpriority=\"high\" decoding=\"async\" width=\"1170\" height=\"756\" src=\"https:\/\/www.subirachs.es\/wp-content\/uploads\/2023\/05\/IMG_4963.jpg\" class=\"attachment-full size-full wp-image-2938\" alt=\"\" srcset=\"https:\/\/www.subirachs.es\/wp-content\/uploads\/2023\/05\/IMG_4963.jpg 1170w, https:\/\/www.subirachs.es\/wp-content\/uploads\/2023\/05\/IMG_4963-300x194.jpg 300w, https:\/\/www.subirachs.es\/wp-content\/uploads\/2023\/05\/IMG_4963-1024x662.jpg 1024w, https:\/\/www.subirachs.es\/wp-content\/uploads\/2023\/05\/IMG_4963-768x496.jpg 768w, https:\/\/www.subirachs.es\/wp-content\/uploads\/2023\/05\/IMG_4963-18x12.jpg 18w\" sizes=\"(max-width: 1170px) 100vw, 1170px\" \/>\t\t\t\t\t\t\t\t\t\t\t\t\t\t\t<\/div>\n\t\t\t\t<\/div>\n\t\t\t\t\t<\/div>\n\t\t<\/div>\n\t\t\t\t<div class=\"elementor-column elementor-col-50 elementor-top-column elementor-element elementor-element-599b26b9\" data-id=\"599b26b9\" data-element_type=\"column\" data-e-type=\"column\">\n\t\t\t<div class=\"elementor-widget-wrap elementor-element-populated\">\n\t\t\t\t\t\t<div class=\"elementor-element elementor-element-5d52534 elementor-widget elementor-widget-heading\" data-id=\"5d52534\" data-element_type=\"widget\" data-e-type=\"widget\" data-widget_type=\"heading.default\">\n\t\t\t\t<div class=\"elementor-widget-container\">\n\t\t\t\t\t<h4 class=\"elementor-heading-title elementor-size-default\"><b>CAP\u00c7ALER SERENITAT<\/b><\/h4>\t\t\t\t<\/div>\n\t\t\t\t<\/div>\n\t\t\t\t<div class=\"elementor-element elementor-element-7687c62a elementor-widget__width-initial elementor-widget elementor-widget-text-editor\" data-id=\"7687c62a\" data-element_type=\"widget\" data-e-type=\"widget\" data-widget_type=\"text-editor.default\">\n\t\t\t\t<div class=\"elementor-widget-container\">\n\t\t\t\t\t\t\t\t\t<p><u>Cap\u00e7aler de nova creaci\u00f3<\/u><i> <b>(VENUT)<\/b><\/i><\/p>\n<p>El cap\u00e7al de llit fet a m\u00e0 amb fusta d'alta qualitat en tons grisos destaca pel disseny creatiu i personalitzat. Cada detall ha estat curosament considerat, assegurant una pe\u00e7a \u00fanica i enlluernadora. La fusta aporta calidesa i naturalitat, creant un ambient acollidor. A m\u00e9s de la seva est\u00e8tica atractiva, el cap\u00e7al ofereix un suport c\u00f2mode i ergon\u00f2mic. Aquesta pe\u00e7a d'art funcional esdevindr\u00e0 el centre d'atenci\u00f3 de la vostra habitaci\u00f3, reflectint el vostre estil personal i afegint eleg\u00e0ncia a l'espai.<\/p>\t\t\t\t\t\t\t\t<\/div>\n\t\t\t\t<\/div>\n\t\t\t\t\t<\/div>\n\t\t<\/div>\n\t\t\t\t\t<\/div>\n\t\t<\/section>\n\t\t\t\t<\/div>","protected":false},"excerpt":{"rendered":"<p>CABECERO SERENIDAD Cabecero de nueva creaci\u00f3n (VENDIDO) El cabecero de cama hecho a mano con madera de alta calidad en tonos grises destaca por su dise\u00f1o creativo y personalizado. Cada detalle ha sido cuidadosamente considerado, asegurando una pieza \u00fanica y deslumbrante. La madera aporta calidez y naturalidad, creando un ambiente acogedor. Adem\u00e1s de su est\u00e9tica [&hellip;]<\/p>\n","protected":false},"author":4,"featured_media":0,"parent":0,"menu_order":0,"comment_status":"closed","ping_status":"closed","template":"","meta":{"footnotes":""},"class_list":["post-2933","page","type-page","status-publish","hentry"],"yoast_head":"<!-- This site is optimized with the Yoast SEO plugin v27.4 - https:\/\/yoast.com\/product\/yoast-seo-wordpress\/ -->\n<title>CABECERO SERENIDAD - SUBIRACHS CONSTRUCCIONS<\/title>\n<meta name=\"robots\" content=\"index, follow, max-snippet:-1, max-image-preview:large, max-video-preview:-1\" \/>\n<link rel=\"canonical\" href=\"https:\/\/www.subirachs.es\/ca\/cabeceroserenidad\/\" \/>\n<meta property=\"og:locale\" content=\"ca_ES\" \/>\n<meta property=\"og:type\" content=\"article\" \/>\n<meta property=\"og:title\" content=\"CABECERO SERENIDAD - SUBIRACHS CONSTRUCCIONS\" \/>\n<meta property=\"og:description\" content=\"CABECERO SERENIDAD Cabecero de nueva creaci\u00f3n (VENDIDO) El cabecero de cama hecho a mano con madera de alta calidad en tonos grises destaca por su dise\u00f1o creativo y personalizado. Cada detalle ha sido cuidadosamente considerado, asegurando una pieza \u00fanica y deslumbrante. La madera aporta calidez y naturalidad, creando un ambiente acogedor. Adem\u00e1s de su est\u00e9tica [&hellip;]\" \/>\n<meta property=\"og:url\" content=\"https:\/\/www.subirachs.es\/ca\/cabeceroserenidad\/\" \/>\n<meta property=\"og:site_name\" content=\"SUBIRACHS CONSTRUCCIONS\" \/>\n<meta property=\"article:publisher\" content=\"https:\/\/www.facebook.com\/subirachsconstruccions\" \/>\n<meta property=\"article:modified_time\" content=\"2023-05-30T10:20:44+00:00\" \/>\n<meta property=\"og:image\" content=\"https:\/\/www.subirachs.es\/wp-content\/uploads\/2023\/05\/IMG_4963.jpg\" \/>\n<meta name=\"twitter:card\" content=\"summary_large_image\" \/>\n<meta name=\"twitter:label1\" content=\"Temps estimat de lectura\" \/>\n\t<meta name=\"twitter:data1\" content=\"1 minut\" \/>\n<script type=\"application\/ld+json\" class=\"yoast-schema-graph\">{\"@context\":\"https:\\\/\\\/schema.org\",\"@graph\":[{\"@type\":\"WebPage\",\"@id\":\"https:\\\/\\\/www.subirachs.es\\\/cabeceroserenidad\\\/\",\"url\":\"https:\\\/\\\/www.subirachs.es\\\/cabeceroserenidad\\\/\",\"name\":\"CABECERO SERENIDAD - SUBIRACHS CONSTRUCCIONS\",\"isPartOf\":{\"@id\":\"https:\\\/\\\/www.subirachs.es\\\/#website\"},\"primaryImageOfPage\":{\"@id\":\"https:\\\/\\\/www.subirachs.es\\\/cabeceroserenidad\\\/#primaryimage\"},\"image\":{\"@id\":\"https:\\\/\\\/www.subirachs.es\\\/cabeceroserenidad\\\/#primaryimage\"},\"thumbnailUrl\":\"https:\\\/\\\/www.subirachs.es\\\/wp-content\\\/uploads\\\/2023\\\/05\\\/IMG_4963.jpg\",\"datePublished\":\"2023-05-18T11:08:23+00:00\",\"dateModified\":\"2023-05-30T10:20:44+00:00\",\"breadcrumb\":{\"@id\":\"https:\\\/\\\/www.subirachs.es\\\/cabeceroserenidad\\\/#breadcrumb\"},\"inLanguage\":\"ca\",\"potentialAction\":[{\"@type\":\"ReadAction\",\"target\":[\"https:\\\/\\\/www.subirachs.es\\\/cabeceroserenidad\\\/\"]}]},{\"@type\":\"ImageObject\",\"inLanguage\":\"ca\",\"@id\":\"https:\\\/\\\/www.subirachs.es\\\/cabeceroserenidad\\\/#primaryimage\",\"url\":\"https:\\\/\\\/www.subirachs.es\\\/wp-content\\\/uploads\\\/2023\\\/05\\\/IMG_4963.jpg\",\"contentUrl\":\"https:\\\/\\\/www.subirachs.es\\\/wp-content\\\/uploads\\\/2023\\\/05\\\/IMG_4963.jpg\"},{\"@type\":\"BreadcrumbList\",\"@id\":\"https:\\\/\\\/www.subirachs.es\\\/cabeceroserenidad\\\/#breadcrumb\",\"itemListElement\":[{\"@type\":\"ListItem\",\"position\":1,\"name\":\"Portada\",\"item\":\"https:\\\/\\\/www.subirachs.es\\\/\"},{\"@type\":\"ListItem\",\"position\":2,\"name\":\"CABECERO SERENIDAD\"}]},{\"@type\":\"WebSite\",\"@id\":\"https:\\\/\\\/www.subirachs.es\\\/#website\",\"url\":\"https:\\\/\\\/www.subirachs.es\\\/\",\"name\":\"subirachsconstruccions\",\"description\":\"\",\"publisher\":{\"@id\":\"https:\\\/\\\/www.subirachs.es\\\/#organization\"},\"potentialAction\":[{\"@type\":\"SearchAction\",\"target\":{\"@type\":\"EntryPoint\",\"urlTemplate\":\"https:\\\/\\\/www.subirachs.es\\\/?s={search_term_string}\"},\"query-input\":{\"@type\":\"PropertyValueSpecification\",\"valueRequired\":true,\"valueName\":\"search_term_string\"}}],\"inLanguage\":\"ca\"},{\"@type\":\"Organization\",\"@id\":\"https:\\\/\\\/www.subirachs.es\\\/#organization\",\"name\":\"subirachsconstruccions\",\"url\":\"https:\\\/\\\/www.subirachs.es\\\/\",\"logo\":{\"@type\":\"ImageObject\",\"inLanguage\":\"ca\",\"@id\":\"https:\\\/\\\/www.subirachs.es\\\/#\\\/schema\\\/logo\\\/image\\\/\",\"url\":\"https:\\\/\\\/www.subirachs.es\\\/wp-content\\\/uploads\\\/2020\\\/11\\\/LOGO-NOU-CONSTRUCCIO-2-e1666262050667.png\",\"contentUrl\":\"https:\\\/\\\/www.subirachs.es\\\/wp-content\\\/uploads\\\/2020\\\/11\\\/LOGO-NOU-CONSTRUCCIO-2-e1666262050667.png\",\"width\":92,\"height\":51,\"caption\":\"subirachsconstruccions\"},\"image\":{\"@id\":\"https:\\\/\\\/www.subirachs.es\\\/#\\\/schema\\\/logo\\\/image\\\/\"},\"sameAs\":[\"https:\\\/\\\/www.facebook.com\\\/subirachsconstruccions\",\"https:\\\/\\\/www.instagram.com\\\/subirachsconstruccions\\\/\"]}]}<\/script>\n<!-- \/ Yoast SEO plugin. -->","yoast_head_json":{"title":"CABECERO SERENIDAD - SUBIRACHS CONSTRUCCIONS","robots":{"index":"index","follow":"follow","max-snippet":"max-snippet:-1","max-image-preview":"max-image-preview:large","max-video-preview":"max-video-preview:-1"},"canonical":"https:\/\/www.subirachs.es\/ca\/cabeceroserenidad\/","og_locale":"ca_ES","og_type":"article","og_title":"CABECERO SERENIDAD - SUBIRACHS CONSTRUCCIONS","og_description":"CABECERO SERENIDAD Cabecero de nueva creaci\u00f3n (VENDIDO) El cabecero de cama hecho a mano con madera de alta calidad en tonos grises destaca por su dise\u00f1o creativo y personalizado. Cada detalle ha sido cuidadosamente considerado, asegurando una pieza \u00fanica y deslumbrante. La madera aporta calidez y naturalidad, creando un ambiente acogedor. Adem\u00e1s de su est\u00e9tica [&hellip;]","og_url":"https:\/\/www.subirachs.es\/ca\/cabeceroserenidad\/","og_site_name":"SUBIRACHS CONSTRUCCIONS","article_publisher":"https:\/\/www.facebook.com\/subirachsconstruccions","article_modified_time":"2023-05-30T10:20:44+00:00","og_image":[{"url":"https:\/\/www.subirachs.es\/wp-content\/uploads\/2023\/05\/IMG_4963.jpg","type":"","width":"","height":""}],"twitter_card":"summary_large_image","twitter_misc":{"Temps estimat de lectura":"1 minut"},"schema":{"@context":"https:\/\/schema.org","@graph":[{"@type":"WebPage","@id":"https:\/\/www.subirachs.es\/cabeceroserenidad\/","url":"https:\/\/www.subirachs.es\/cabeceroserenidad\/","name":"CABECERO SERENIDAD - SUBIRACHS CONSTRUCCIONS","isPartOf":{"@id":"https:\/\/www.subirachs.es\/#website"},"primaryImageOfPage":{"@id":"https:\/\/www.subirachs.es\/cabeceroserenidad\/#primaryimage"},"image":{"@id":"https:\/\/www.subirachs.es\/cabeceroserenidad\/#primaryimage"},"thumbnailUrl":"https:\/\/www.subirachs.es\/wp-content\/uploads\/2023\/05\/IMG_4963.jpg","datePublished":"2023-05-18T11:08:23+00:00","dateModified":"2023-05-30T10:20:44+00:00","breadcrumb":{"@id":"https:\/\/www.subirachs.es\/cabeceroserenidad\/#breadcrumb"},"inLanguage":"ca","potentialAction":[{"@type":"ReadAction","target":["https:\/\/www.subirachs.es\/cabeceroserenidad\/"]}]},{"@type":"ImageObject","inLanguage":"ca","@id":"https:\/\/www.subirachs.es\/cabeceroserenidad\/#primaryimage","url":"https:\/\/www.subirachs.es\/wp-content\/uploads\/2023\/05\/IMG_4963.jpg","contentUrl":"https:\/\/www.subirachs.es\/wp-content\/uploads\/2023\/05\/IMG_4963.jpg"},{"@type":"BreadcrumbList","@id":"https:\/\/www.subirachs.es\/cabeceroserenidad\/#breadcrumb","itemListElement":[{"@type":"ListItem","position":1,"name":"Portada","item":"https:\/\/www.subirachs.es\/"},{"@type":"ListItem","position":2,"name":"CABECERO SERENIDAD"}]},{"@type":"WebSite","@id":"https:\/\/www.subirachs.es\/#website","url":"https:\/\/www.subirachs.es\/","name":"subirachsconstruccions","description":"","publisher":{"@id":"https:\/\/www.subirachs.es\/#organization"},"potentialAction":[{"@type":"SearchAction","target":{"@type":"EntryPoint","urlTemplate":"https:\/\/www.subirachs.es\/?s={search_term_string}"},"query-input":{"@type":"PropertyValueSpecification","valueRequired":true,"valueName":"search_term_string"}}],"inLanguage":"ca"},{"@type":"Organization","@id":"https:\/\/www.subirachs.es\/#organization","name":"subirachsconstruccions","url":"https:\/\/www.subirachs.es\/","logo":{"@type":"ImageObject","inLanguage":"ca","@id":"https:\/\/www.subirachs.es\/#\/schema\/logo\/image\/","url":"https:\/\/www.subirachs.es\/wp-content\/uploads\/2020\/11\/LOGO-NOU-CONSTRUCCIO-2-e1666262050667.png","contentUrl":"https:\/\/www.subirachs.es\/wp-content\/uploads\/2020\/11\/LOGO-NOU-CONSTRUCCIO-2-e1666262050667.png","width":92,"height":51,"caption":"subirachsconstruccions"},"image":{"@id":"https:\/\/www.subirachs.es\/#\/schema\/logo\/image\/"},"sameAs":["https:\/\/www.facebook.com\/subirachsconstruccions","https:\/\/www.instagram.com\/subirachsconstruccions\/"]}]}},"_links":{"self":[{"href":"https:\/\/www.subirachs.es\/ca\/wp-json\/wp\/v2\/pages\/2933","targetHints":{"allow":["GET"]}}],"collection":[{"href":"https:\/\/www.subirachs.es\/ca\/wp-json\/wp\/v2\/pages"}],"about":[{"href":"https:\/\/www.subirachs.es\/ca\/wp-json\/wp\/v2\/types\/page"}],"author":[{"embeddable":true,"href":"https:\/\/www.subirachs.es\/ca\/wp-json\/wp\/v2\/users\/4"}],"replies":[{"embeddable":true,"href":"https:\/\/www.subirachs.es\/ca\/wp-json\/wp\/v2\/comments?post=2933"}],"version-history":[{"count":10,"href":"https:\/\/www.subirachs.es\/ca\/wp-json\/wp\/v2\/pages\/2933\/revisions"}],"predecessor-version":[{"id":2994,"href":"https:\/\/www.subirachs.es\/ca\/wp-json\/wp\/v2\/pages\/2933\/revisions\/2994"}],"wp:attachment":[{"href":"https:\/\/www.subirachs.es\/ca\/wp-json\/wp\/v2\/media?parent=2933"}],"curies":[{"name":"wp","href":"https:\/\/api.w.org\/{rel}","templated":true}]}}